{"id":2159,"date":"2026-07-09T15:06:19","date_gmt":"2026-07-09T12:06:19","guid":{"rendered":"https:\/\/ikizlersac.com\/?page_id=2159"},"modified":"2026-07-09T17:16:19","modified_gmt":"2026-07-09T14:16:19","slug":"trapez-sac","status":"publish","type":"page","link":"https:\/\/ikizlersac.com\/index.php\/trapez-sac\/","title":{"rendered":"TRAPEZ SAC"},"content":{"rendered":"\t\t<div data-elementor-type=\"wp-page\" data-elementor-id=\"2159\" class=\"elementor elementor-2159\" data-elementor-post-type=\"page\">\n\t\t\t\t<div class=\"elementor-element elementor-element-8ff321b e-con e-atomic-element e-flexbox-base e-16a0b6d \" data-id=\"8ff321b\" data-element_type=\"e-flexbox\" data-e-type=\"e-flexbox\" data-interaction-id=\"8ff321b\">\n    \t\t<div class=\"elementor-element elementor-element-5e8a5dd elementor-widget elementor-widget-urn-urunler-listesi\" data-id=\"5e8a5dd\" data-element_type=\"widget\" data-e-type=\"widget\" data-widget_type=\"urn-urunler-listesi.default\">\n\t\t\t\t<div class=\"elementor-widget-container\">\n\t\t\t\t\t<div class=\"urn-grid\" data-urn-grid>\t\t\t<article class=\"urn-card\" data-categories=\"beton-alti-deck-saci trapez-sac\" data-title=\"Betonalt\u0131 Deck Sac\u0131 Galvanizli Betonalt\u0131 Trapezi 54-915 Galvanizli Betonalt\u0131 Trapezi 54-915, \u00e7elik konstr\u00fcksiyon ve betonarme d\u00f6\u015feme sistemlerinde kompozit d\u00f6\u015feme \u00e7\u00f6z\u00fcm\u00fc olarak kullan\u0131lan, s\u0131cak dald\u0131rma galvaniz kaplamal\u0131 trapez sacd\u0131r. Beton d\u00f6k\u00fcm\u00fc s\u0131ras\u0131nda kal\u0131p g\u00f6revi g\u00f6rerek i\u015f\u00e7ilik ve kal\u0131p maliyetini d\u00fc\u015f\u00fcr\u00fcr, ayn\u0131 zamanda yap\u0131ya ek ta\u015f\u0131y\u0131c\u0131l\u0131k katk\u0131s\u0131 sa\u011flar. Modern in\u015faat sistemlerinde g\u00fcvenli, h\u0131zl\u0131 ve ekonomik \u00e7\u00f6z\u00fcm sunan bu \u00fcr\u00fcn; \u00f6zellikle [&hellip;]\">\n\t\t\t\t<a class=\"urn-card__link\" href=\"https:\/\/ikizlersac.com\/index.php\/urun\/beton-trapez-sac\/\" aria-label=\"Betonalt\u0131 Deck Sac\u0131\">\n\t\t\t\t\t<div class=\"urn-card__image\"><img fetchpriority=\"high\" decoding=\"async\" width=\"640\" height=\"466\" src=\"https:\/\/ikizlersac.com\/wp-content\/uploads\/2026\/06\/Ekran-goruntusu-2026-07-27-164523-768x559.jpg\" class=\"attachment-medium_large size-medium_large wp-post-image\" alt=\"\" srcset=\"https:\/\/ikizlersac.com\/wp-content\/uploads\/2026\/06\/Ekran-goruntusu-2026-07-27-164523-768x559.jpg 768w, https:\/\/ikizlersac.com\/wp-content\/uploads\/2026\/06\/Ekran-goruntusu-2026-07-27-164523-300x218.jpg 300w, https:\/\/ikizlersac.com\/wp-content\/uploads\/2026\/06\/Ekran-goruntusu-2026-07-27-164523.jpg 903w\" sizes=\"(max-width: 640px) 100vw, 640px\" \/><span class=\"urn-card__arrow\" aria-hidden=\"true\">\u2192<\/span><\/div>\n\t\t\t\t\t<div class=\"urn-card__content\"><h3>Betonalt\u0131 Deck Sac\u0131<\/h3><p>Galvanizli Betonalt\u0131 Trapezi 54-915 Galvanizli Betonalt\u0131 Trapezi 54-915, \u00e7elik konstr\u00fcksiyon ve betonarme\u2026<\/p><span class=\"urn-card__more\">\u00dcr\u00fcn\u00fc \u0130ncele<\/span><\/div>\n\t\t\t\t<\/a>\n\t\t\t<\/article>\n\t\t\t\t\t<article class=\"urn-card\" data-categories=\"gri-beyaz trapez-sac\" data-title=\"Beyaz Trapez RAL 9002 K\u0131r\u0131k beyaz \/ a\u00e7\u0131k gri Fabrika, depo, modern cephe, i\u00e7 ayd\u0131nl\u0131\u011f\u0131 art\u0131ran yap\u0131lar 27\/200 trapez sac, \u00e7at\u0131 ve cephe kaplama sistemlerinde yayg\u0131n olarak kullan\u0131lan, y\u00fcksek mukavemetli ve uzun \u00f6m\u00fcrl\u00fc bir \u00e7elik sac profilidir. Firmam\u0131z, galvanizli ve boyal\u0131 (RAL renkli) se\u00e7eneklerle 0,40 mm \u2013 0,70 mm kal\u0131nl\u0131k aral\u0131\u011f\u0131nda trapez sac \u00fcretimi ve sat\u0131\u015f\u0131 sunmaktad\u0131r. [&hellip;]\">\n\t\t\t\t<a class=\"urn-card__link\" href=\"https:\/\/ikizlersac.com\/index.php\/urun\/gri-beyaz\/\" aria-label=\"Beyaz Trapez\">\n\t\t\t\t\t<div class=\"urn-card__image\"><img decoding=\"async\" width=\"640\" height=\"423\" src=\"https:\/\/ikizlersac.com\/wp-content\/uploads\/2026\/07\/t1-768x507.jpg\" class=\"attachment-medium_large size-medium_large wp-post-image\" alt=\"\" srcset=\"https:\/\/ikizlersac.com\/wp-content\/uploads\/2026\/07\/t1-768x507.jpg 768w, https:\/\/ikizlersac.com\/wp-content\/uploads\/2026\/07\/t1-300x198.jpg 300w, https:\/\/ikizlersac.com\/wp-content\/uploads\/2026\/07\/t1.jpg 933w\" sizes=\"(max-width: 640px) 100vw, 640px\" \/><span class=\"urn-card__arrow\" aria-hidden=\"true\">\u2192<\/span><\/div>\n\t\t\t\t\t<div class=\"urn-card__content\"><h3>Beyaz Trapez<\/h3><p>RAL 9002 K\u0131r\u0131k beyaz \/ a\u00e7\u0131k gri Fabrika, depo, modern cephe, i\u00e7\u2026<\/p><span class=\"urn-card__more\">\u00dcr\u00fcn\u00fc \u0130ncele<\/span><\/div>\n\t\t\t\t<\/a>\n\t\t\t<\/article>\n\t\t\t\t\t<article class=\"urn-card\" data-categories=\"antrasit-gri trapez-sac\" data-title=\"Antrasit Gri Trapez RAL 7016 Antrasit gri Modern end\u00fcstriyel binalar, \u00e7a\u011fda\u015f cephe ve \u00e7at\u0131 sistemleri 27\/200 trapez sac, \u00e7at\u0131 ve cephe kaplama sistemlerinde yayg\u0131n olarak kullan\u0131lan, y\u00fcksek mukavemetli ve uzun \u00f6m\u00fcrl\u00fc bir \u00e7elik sac profilidir. Firmam\u0131z, galvanizli ve boyal\u0131 (RAL renkli) se\u00e7eneklerle 0,40 mm \u2013 0,70 mm kal\u0131nl\u0131k aral\u0131\u011f\u0131nda trapez sac \u00fcretimi ve sat\u0131\u015f\u0131 sunmaktad\u0131r. 27\/200 formu, y\u00fcksek [&hellip;]\">\n\t\t\t\t<a class=\"urn-card__link\" href=\"https:\/\/ikizlersac.com\/index.php\/urun\/antrasit-gri\/\" aria-label=\"Antrasit Gri Trapez\">\n\t\t\t\t\t<div class=\"urn-card__image\"><img decoding=\"async\" width=\"609\" height=\"611\" src=\"https:\/\/ikizlersac.com\/wp-content\/uploads\/2026\/07\/t5.jpg\" class=\"attachment-medium_large size-medium_large wp-post-image\" alt=\"\" srcset=\"https:\/\/ikizlersac.com\/wp-content\/uploads\/2026\/07\/t5.jpg 609w, https:\/\/ikizlersac.com\/wp-content\/uploads\/2026\/07\/t5-300x300.jpg 300w, https:\/\/ikizlersac.com\/wp-content\/uploads\/2026\/07\/t5-150x150.jpg 150w\" sizes=\"(max-width: 609px) 100vw, 609px\" \/><span class=\"urn-card__arrow\" aria-hidden=\"true\">\u2192<\/span><\/div>\n\t\t\t\t\t<div class=\"urn-card__content\"><h3>Antrasit Gri Trapez<\/h3><p>RAL 7016 Antrasit gri Modern end\u00fcstriyel binalar, \u00e7a\u011fda\u015f cephe ve \u00e7at\u0131 sistemleri\u2026<\/p><span class=\"urn-card__more\">\u00dcr\u00fcn\u00fc \u0130ncele<\/span><\/div>\n\t\t\t\t<\/a>\n\t\t\t<\/article>\n\t\t\t\t\t<article class=\"urn-card\" data-categories=\"oksit-kirmizi trapez-sac\" data-title=\"K\u0131rm\u0131z\u0131 Trapez RAL 3009 Kiremit k\u0131rm\u0131z\u0131s\u0131 \/bordo Geleneksel \u00e7at\u0131 kaplamalar\u0131, k\u0131rsal yap\u0131lar, villa \u00e7at\u0131lar\u0131 27\/200 trapez sac, \u00e7at\u0131 ve cephe kaplama sistemlerinde yayg\u0131n olarak kullan\u0131lan, y\u00fcksek mukavemetli ve uzun \u00f6m\u00fcrl\u00fc bir \u00e7elik sac profilidir. Firmam\u0131z, galvanizli ve boyal\u0131 (RAL renkli) se\u00e7eneklerle 0,40 mm \u2013 0,70 mm kal\u0131nl\u0131k aral\u0131\u011f\u0131nda trapez sac \u00fcretimi ve sat\u0131\u015f\u0131 sunmaktad\u0131r. 27\/200 formu, y\u00fcksek [&hellip;]\">\n\t\t\t\t<a class=\"urn-card__link\" href=\"https:\/\/ikizlersac.com\/index.php\/urun\/oksit-kirmizi\/\" aria-label=\"K\u0131rm\u0131z\u0131 Trapez\">\n\t\t\t\t\t<div class=\"urn-card__image\"><img loading=\"lazy\" decoding=\"async\" width=\"640\" height=\"427\" src=\"https:\/\/ikizlersac.com\/wp-content\/uploads\/2026\/06\/c92c1d54-3897-4661-b744-05a5ce09e6a4-768x512.jpg\" class=\"attachment-medium_large size-medium_large wp-post-image\" alt=\"\" srcset=\"https:\/\/ikizlersac.com\/wp-content\/uploads\/2026\/06\/c92c1d54-3897-4661-b744-05a5ce09e6a4-768x512.jpg 768w, https:\/\/ikizlersac.com\/wp-content\/uploads\/2026\/06\/c92c1d54-3897-4661-b744-05a5ce09e6a4-300x200.jpg 300w, https:\/\/ikizlersac.com\/wp-content\/uploads\/2026\/06\/c92c1d54-3897-4661-b744-05a5ce09e6a4-1024x683.jpg 1024w, https:\/\/ikizlersac.com\/wp-content\/uploads\/2026\/06\/c92c1d54-3897-4661-b744-05a5ce09e6a4.jpg 1536w\" sizes=\"(max-width: 640px) 100vw, 640px\" \/><span class=\"urn-card__arrow\" aria-hidden=\"true\">\u2192<\/span><\/div>\n\t\t\t\t\t<div class=\"urn-card__content\"><h3>K\u0131rm\u0131z\u0131 Trapez<\/h3><p>RAL 3009 Kiremit k\u0131rm\u0131z\u0131s\u0131 \/bordo Geleneksel \u00e7at\u0131 kaplamalar\u0131, k\u0131rsal yap\u0131lar, villa \u00e7at\u0131lar\u0131\u2026<\/p><span class=\"urn-card__more\">\u00dcr\u00fcn\u00fc \u0130ncele<\/span><\/div>\n\t\t\t\t<\/a>\n\t\t\t<\/article>\n\t\t\t\t\t<article class=\"urn-card\" data-categories=\"trapez-sac bej-gri\" data-title=\"Vizon Bej Trapez RAL 7006 Bej gri \/ taupe gri Do\u011fal tonlu mimari projeler, rustik-modern yap\u0131lar 27\/200 trapez sac, \u00e7at\u0131 ve cephe kaplama sistemlerinde yayg\u0131n olarak kullan\u0131lan, y\u00fcksek mukavemetli ve uzun \u00f6m\u00fcrl\u00fc bir \u00e7elik sac profilidir. Firmam\u0131z, galvanizli ve boyal\u0131 (RAL renkli) se\u00e7eneklerle 0,40 mm \u2013 0,70 mm kal\u0131nl\u0131k aral\u0131\u011f\u0131nda trapez sac \u00fcretimi ve sat\u0131\u015f\u0131 sunmaktad\u0131r. 27\/200 formu, [&hellip;]\">\n\t\t\t\t<a class=\"urn-card__link\" href=\"https:\/\/ikizlersac.com\/index.php\/urun\/bej-gri\/\" aria-label=\"Vizon Bej Trapez\">\n\t\t\t\t\t<div class=\"urn-card__image\"><img loading=\"lazy\" decoding=\"async\" width=\"618\" height=\"611\" src=\"https:\/\/ikizlersac.com\/wp-content\/uploads\/2026\/07\/t4.jpg\" class=\"attachment-medium_large size-medium_large wp-post-image\" alt=\"\" srcset=\"https:\/\/ikizlersac.com\/wp-content\/uploads\/2026\/07\/t4.jpg 618w, https:\/\/ikizlersac.com\/wp-content\/uploads\/2026\/07\/t4-300x297.jpg 300w\" sizes=\"(max-width: 618px) 100vw, 618px\" \/><span class=\"urn-card__arrow\" aria-hidden=\"true\">\u2192<\/span><\/div>\n\t\t\t\t\t<div class=\"urn-card__content\"><h3>Vizon Bej Trapez<\/h3><p>RAL 7006 Bej gri \/ taupe gri Do\u011fal tonlu mimari projeler, rustik-modern\u2026<\/p><span class=\"urn-card__more\">\u00dcr\u00fcn\u00fc \u0130ncele<\/span><\/div>\n\t\t\t\t<\/a>\n\t\t\t<\/article>\n\t\t\t\t\t<article class=\"urn-card\" data-categories=\"galvaniz-trapez-sac trapez-sac\" data-title=\"Galvaniz Trapez 27\/200 trapez sac, \u00e7at\u0131 ve cephe kaplama sistemlerinde yayg\u0131n olarak kullan\u0131lan, y\u00fcksek mukavemetli ve uzun \u00f6m\u00fcrl\u00fc bir \u00e7elik sac profilidir. Firmam\u0131z, galvanizli ve boyal\u0131 (RAL renkli) se\u00e7eneklerle 0,40 mm \u2013 0,70 mm kal\u0131nl\u0131k aral\u0131\u011f\u0131nda trapez sac \u00fcretimi ve sat\u0131\u015f\u0131 sunmaktad\u0131r. 27\/200 formu, y\u00fcksek ta\u015f\u0131ma kapasitesi, su tahliye kabiliyeti ve kolay montaj avantaj\u0131 sayesinde end\u00fcstriyel yap\u0131larda [&hellip;]\">\n\t\t\t\t<a class=\"urn-card__link\" href=\"https:\/\/ikizlersac.com\/index.php\/urun\/trapez\/\" aria-label=\"Galvaniz Trapez\">\n\t\t\t\t\t<div class=\"urn-card__image\"><img loading=\"lazy\" decoding=\"async\" width=\"640\" height=\"426\" src=\"https:\/\/ikizlersac.com\/wp-content\/uploads\/2026\/06\/9c4448b5-32f1-4935-863c-b770494d7d2c-768x511.jpg\" class=\"attachment-medium_large size-medium_large wp-post-image\" alt=\"\" srcset=\"https:\/\/ikizlersac.com\/wp-content\/uploads\/2026\/06\/9c4448b5-32f1-4935-863c-b770494d7d2c-768x511.jpg 768w, https:\/\/ikizlersac.com\/wp-content\/uploads\/2026\/06\/9c4448b5-32f1-4935-863c-b770494d7d2c-300x200.jpg 300w, https:\/\/ikizlersac.com\/wp-content\/uploads\/2026\/06\/9c4448b5-32f1-4935-863c-b770494d7d2c-1024x682.jpg 1024w, https:\/\/ikizlersac.com\/wp-content\/uploads\/2026\/06\/9c4448b5-32f1-4935-863c-b770494d7d2c.jpg 1537w\" sizes=\"(max-width: 640px) 100vw, 640px\" \/><span class=\"urn-card__arrow\" aria-hidden=\"true\">\u2192<\/span><\/div>\n\t\t\t\t\t<div class=\"urn-card__content\"><h3>Galvaniz Trapez<\/h3><p>27\/200 trapez sac, \u00e7at\u0131 ve cephe kaplama sistemlerinde yayg\u0131n olarak kullan\u0131lan, y\u00fcksek\u2026<\/p><span class=\"urn-card__more\">\u00dcr\u00fcn\u00fc \u0130ncele<\/span><\/div>\n\t\t\t\t<\/a>\n\t\t\t<\/article>\n\t\t<\/div>\t\t\t\t<\/div>\n\t\t\t\t<\/div>\n\t\t\n<\/div>\n\t\t<\/div>\n\t\t","protected":false},"excerpt":{"rendered":"<p>Hen\u00fcz \u00fcr\u00fcn eklenmemi\u015f.<\/p>\n","protected":false},"author":1,"featured_media":0,"parent":0,"menu_order":0,"comment_status":"closed","ping_status":"closed","template":"","meta":{"footnotes":""},"class_list":["post-2159","page","type-page","status-publish","hentry"],"_links":{"self":[{"href":"https:\/\/ikizlersac.com\/index.php\/wp-json\/wp\/v2\/pages\/2159","targetHints":{"allow":["GET"]}}],"collection":[{"href":"https:\/\/ikizlersac.com\/index.php\/wp-json\/wp\/v2\/pages"}],"about":[{"href":"https:\/\/ikizlersac.com\/index.php\/wp-json\/wp\/v2\/types\/page"}],"author":[{"embeddable":true,"href":"https:\/\/ikizlersac.com\/index.php\/wp-json\/wp\/v2\/users\/1"}],"replies":[{"embeddable":true,"href":"https:\/\/ikizlersac.com\/index.php\/wp-json\/wp\/v2\/comments?post=2159"}],"version-history":[{"count":7,"href":"https:\/\/ikizlersac.com\/index.php\/wp-json\/wp\/v2\/pages\/2159\/revisions"}],"predecessor-version":[{"id":2181,"href":"https:\/\/ikizlersac.com\/index.php\/wp-json\/wp\/v2\/pages\/2159\/revisions\/2181"}],"wp:attachment":[{"href":"https:\/\/ikizlersac.com\/index.php\/wp-json\/wp\/v2\/media?parent=2159"}],"curies":[{"name":"wp","href":"https:\/\/api.w.org\/{rel}","templated":true}]}}